{"id":3,"date":"2020-08-27T21:50:20","date_gmt":"2020-08-27T19:50:20","guid":{"rendered":"http:\/\/inter-faces.fr\/?page_id=3"},"modified":"2020-10-14T16:28:27","modified_gmt":"2020-10-14T14:28:27","slug":"politique-de-confidentialite","status":"publish","type":"page","link":"https:\/\/inter-faces.fr\/index.php\/politique-de-confidentialite\/","title":{"rendered":"Politique de confidentialit\u00e9 et mentions l\u00e9gales."},"content":{"rendered":"\n<p>Mentions l\u00e9gales<br><\/p>\n\n\n\n<p>En vigueur au 16\/09\/2020<br><\/p>\n\n\n\n<p>Conform\u00e9ment aux dispositions des Articles 6-III et 19 de la Loi n\u00b02004-575 du 21 juin 2004 pour la<br>Confiance dans l\u2019\u00e9conomie num\u00e9rique, dite L.C.E.N., il est port\u00e9 \u00e0 la connaissance des Utilisateurs du site<br>https:\/\/inter-faces.fr\/ les pr\u00e9sentes mentions l\u00e9gales.<br>La connexion et la navigation sur le site (indiquer le nom du site) par l\u2019Utilisateur implique acceptation<br>int\u00e9grale et sans r\u00e9serve des pr\u00e9sentes mentions l\u00e9gales.<br>Ces derni\u00e8res sont accessibles sur le site \u00e0 la rubrique \u00ab Mentions l\u00e9gales \u00bb.<br><\/p>\n\n\n\n<p>ARTICLE 1 : L\u2019\u00e9diteur<br>L&rsquo;\u00e9dition du site https:\/\/inter-faces.fr\/ est assur\u00e9e par la Soci\u00e9t\u00e9 SARL INTER FACES au capital de 10000<br>euros, immatricul\u00e9e au RCS de MONTBONNOT-SAINT-MARTIN sous le num\u00e9ro 852 397 074 dont le<br>si\u00e8ge social est situ\u00e9 au 501 RUE ARISTIDE BERGES 38330 MONTBONNOT-SAINT-MARTIN, num\u00e9ro<br>de t\u00e9l\u00e9phone 0607303742, adresse e-mail : renaud.interfaces@gmail.com.<br>N\u00b0 de TVA intracommunautaire : <strong><em><strong><em>___<\/em><\/strong><\/em><\/strong><br>Le Directeur de la publication est <strong><em><strong><em>___<\/em><\/strong><\/em><\/strong><br><\/p>\n\n\n\n<p>ARTICLE 2 : L\u2019h\u00e9bergeur<br>L&rsquo;h\u00e9bergeur du site https:\/\/inter-faces.fr\/ est la Soci\u00e9t\u00e9 Conqu\u00e9rir Le Web, dont le si\u00e8ge social est situ\u00e9 au 7<br>A CHE DES PRES &#8211; 38240 MEYLAN , avec le num\u00e9ro de t\u00e9l\u00e9phone : <strong><em><strong><em>___<\/em><\/strong><\/em><\/strong>.<br><\/p>\n\n\n\n<p>ARTICLE 3 : Acc\u00e8s au site<br>Le site est accessible par tout endroit, 7j\/7, 24h\/24 sauf cas de force majeure, interruption programm\u00e9e ou<br>non et pouvant d\u00e9coulant d\u2019une n\u00e9cessit\u00e9 de maintenance.<br>En cas de modification, interruption ou suspension des services le site https:\/\/inter-faces.fr\/ ne saurait \u00eatre<br>tenu responsable.<br><\/p>\n\n\n\n<p>ARTICLE 4 : Collecte des donn\u00e9es<br>Le site assure \u00e0 l&rsquo;Utilisateur une collecte et un traitement d&rsquo;informations personnelles dans le respect de la vie priv\u00e9e<br>conform\u00e9ment \u00e0 la loi n\u00b078-17 du 6 janvier 1978 relative \u00e0 l&rsquo;informatique, aux fichiers et aux libert\u00e9s. Le site est d\u00e9clar\u00e9 \u00e0 la<br>CNIL sous le num\u00e9ro <strong><em><strong><em>___<\/em><\/strong><\/em><\/strong>.<br>En vertu de la loi Informatique et Libert\u00e9s, en date du 6 janvier 1978, l&rsquo;Utilisateur dispose d&rsquo;un droit d&rsquo;acc\u00e8s,<br>de rectification, de suppression et d&rsquo;opposition de ses donn\u00e9es personnelles. L&rsquo;Utilisateur exerce ce droit :<br>1<br>\u00b7 via un formulaire de contact ;<br><\/p>\n\n\n\n<p>ARTICLE 5 : Cookies<br>L\u2019Utilisateur est inform\u00e9 que lors de ses visites sur le site, un cookie peut s\u2019installer automatiquement sur<br>son logiciel de navigation.<br>En naviguant sur le site, il les accepte.<br>Un cookie est un \u00e9l\u00e9ment qui ne permet pas d\u2019identifier l\u2019Utilisateur mais sert \u00e0 enregistrer des informations<br>relatives \u00e0 la navigation de celui-ci sur le site Internet. L\u2019Utilisateur pourra d\u00e9sactiver ce cookie par<br>l\u2019interm\u00e9diaire des param\u00e8tres figurant au sein de son logiciel de navigation.<br><\/p>\n\n\n\n<p>ARTICLE 6 : Propri\u00e9t\u00e9 intellectuelle<br>Toute utilisation, reproduction, diffusion, commercialisation, modification de toute ou partie du site<br>https:\/\/inter-faces.fr\/, sans autorisation de l\u2019Editeur est prohib\u00e9e et pourra entra\u00een\u00e9e des actions et<br>poursuites judiciaires telles que notamment pr\u00e9vues par le Code de la propri\u00e9t\u00e9 intellectuelle et le Code civil.<\/p>\n","protected":false},"excerpt":{"rendered":"<p>Mentions l\u00e9gales En vigueur au 16\/09\/2020 Conform\u00e9ment aux dispositions des Articles 6-III et 19 de la Loi n\u00b02004-575 du 21 juin 2004 pour laConfiance dans l\u2019\u00e9conomie num\u00e9rique, dite L.C.E.N., il est port\u00e9 \u00e0 la connaissance des Utilisateurs du sitehttps:\/\/inter-faces.fr\/ les pr\u00e9sentes mentions l\u00e9gales.La connexion et la navigation sur le site (indiquer le nom du site) [&hellip;]<\/p>\n","protected":false},"author":1,"featured_media":0,"parent":0,"menu_order":0,"comment_status":"closed","ping_status":"open","template":"","meta":{"_et_pb_use_builder":"","_et_pb_old_content":""},"yoast_head":"<!-- This site is optimized with the Yoast SEO plugin v15.0 - https:\/\/yoast.com\/wordpress\/plugins\/seo\/ -->\n<title>Politique de confidentialit\u00e9 et mentions l\u00e9gales. - Inter Faces<\/title>\n<meta name=\"robots\" content=\"index, follow, max-snippet:-1, max-image-preview:large, max-video-preview:-1\" \/>\n<link rel=\"canonical\" href=\"https:\/\/inter-faces.fr\/index.php\/politique-de-confidentialite\/\" \/>\n<meta property=\"og:locale\" content=\"fr_FR\" \/>\n<meta property=\"og:type\" content=\"article\" \/>\n<meta property=\"og:title\" content=\"Politique de confidentialit\u00e9 et mentions l\u00e9gales. - Inter Faces\" \/>\n<meta property=\"og:description\" content=\"Mentions l\u00e9gales En vigueur au 16\/09\/2020 Conform\u00e9ment aux dispositions des Articles 6-III et 19 de la Loi n\u00b02004-575 du 21 juin 2004 pour laConfiance dans l\u2019\u00e9conomie num\u00e9rique, dite L.C.E.N., il est port\u00e9 \u00e0 la connaissance des Utilisateurs du sitehttps:\/\/inter-faces.fr\/ les pr\u00e9sentes mentions l\u00e9gales.La connexion et la navigation sur le site (indiquer le nom du site) [&hellip;]\" \/>\n<meta property=\"og:url\" content=\"https:\/\/inter-faces.fr\/index.php\/politique-de-confidentialite\/\" \/>\n<meta property=\"og:site_name\" content=\"Inter Faces\" \/>\n<meta property=\"article:modified_time\" content=\"2020-10-14T14:28:27+00:00\" \/>\n<meta name=\"twitter:card\" content=\"summary_large_image\" \/>\n<script type=\"application\/ld+json\" class=\"yoast-schema-graph\">{\"@context\":\"https:\/\/schema.org\",\"@graph\":[{\"@type\":\"WebSite\",\"@id\":\"https:\/\/inter-faces.fr\/#website\",\"url\":\"https:\/\/inter-faces.fr\/\",\"name\":\"Inter Faces\",\"description\":\"Travaux d&#039;acc\\u00e8s difficiles\",\"potentialAction\":[{\"@type\":\"SearchAction\",\"target\":\"https:\/\/inter-faces.fr\/?s={search_term_string}\",\"query-input\":\"required name=search_term_string\"}],\"inLanguage\":\"fr-FR\"},{\"@type\":\"WebPage\",\"@id\":\"https:\/\/inter-faces.fr\/index.php\/politique-de-confidentialite\/#webpage\",\"url\":\"https:\/\/inter-faces.fr\/index.php\/politique-de-confidentialite\/\",\"name\":\"Politique de confidentialit\\u00e9 et mentions l\\u00e9gales. - Inter Faces\",\"isPartOf\":{\"@id\":\"https:\/\/inter-faces.fr\/#website\"},\"datePublished\":\"2020-08-27T19:50:20+00:00\",\"dateModified\":\"2020-10-14T14:28:27+00:00\",\"inLanguage\":\"fr-FR\",\"potentialAction\":[{\"@type\":\"ReadAction\",\"target\":[\"https:\/\/inter-faces.fr\/index.php\/politique-de-confidentialite\/\"]}]}]}<\/script>\n<!-- \/ Yoast SEO plugin. -->","_links":{"self":[{"href":"https:\/\/inter-faces.fr\/index.php\/wp-json\/wp\/v2\/pages\/3"}],"collection":[{"href":"https:\/\/inter-faces.fr\/index.php\/wp-json\/wp\/v2\/pages"}],"about":[{"href":"https:\/\/inter-faces.fr\/index.php\/wp-json\/wp\/v2\/types\/page"}],"author":[{"embeddable":true,"href":"https:\/\/inter-faces.fr\/index.php\/wp-json\/wp\/v2\/users\/1"}],"replies":[{"embeddable":true,"href":"https:\/\/inter-faces.fr\/index.php\/wp-json\/wp\/v2\/comments?post=3"}],"version-history":[{"count":1,"href":"https:\/\/inter-faces.fr\/index.php\/wp-json\/wp\/v2\/pages\/3\/revisions"}],"predecessor-version":[{"id":543,"href":"https:\/\/inter-faces.fr\/index.php\/wp-json\/wp\/v2\/pages\/3\/revisions\/543"}],"wp:attachment":[{"href":"https:\/\/inter-faces.fr\/index.php\/wp-json\/wp\/v2\/media?parent=3"}],"curies":[{"name":"wp","href":"https:\/\/api.w.org\/{rel}","templated":true}]}}